{"id":3368,"date":"2024-09-12T18:30:24","date_gmt":"2024-09-12T16:30:24","guid":{"rendered":"https:\/\/fr.areas.com\/?page_id=3368"},"modified":"2025-07-09T12:11:25","modified_gmt":"2025-07-09T10:11:25","slug":"mentions-legales-2","status":"publish","type":"page","link":"https:\/\/fr.areas.com\/fr\/mentions-legales-2\/","title":{"rendered":"Protection des donn\u00e9es personnelles"},"content":{"rendered":"<p><strong>Protection des donn\u00e9es personnelles<\/strong><\/p>\n<ol>\n<li><strong>Introduction <\/strong><\/li>\n<\/ol>\n<p>Le pr\u00e9sent document a vocation \u00e0 Vous informer de mani\u00e8re g\u00e9n\u00e9rale sur les diff\u00e9rents traitements mis en \u0153uvre relatifs \u00e0 vos donn\u00e9es personnelles.<\/p>\n<p>Pour votre compr\u00e9hension, les termes ci-apr\u00e8s auront la signification suivante\u00a0:<\/p>\n<ul>\n<li>\u00ab\u00a0<strong>Nous<\/strong>\u00bb\u00a0ou \u00ab\u00a0<strong>AREAS<\/strong>\u00bb: d\u00e9signe toute soci\u00e9t\u00e9 du groupe AREAS, \u00e9tablie en France, et contr\u00f4l\u00e9e directement ou indirectement au sens de l\u2019article L233-3 du code du commerce par la soci\u00e9t\u00e9 AREAS Worldwide (399 293 653 RCS Bobigny).<\/li>\n<li>\u00ab\u00a0<strong>donn\u00e9es personnelles<\/strong>\u00bb ou\u00a0 \u00ab\u00a0<strong>donn\u00e9es \u00e0 caract\u00e8re personnel<\/strong>\u00a0\u00bb\u00a0: visent toute(s) information(s) identifiant directement ou indirectement\u00a0 une personne physique.<\/li>\n<li>\u00ab\u00a0<strong>Utilisateur<\/strong>\u00a0\u00bb ou \u00ab\u00a0<strong>Vous\u00a0<\/strong>\u00bb: d\u00e9signe toute personne physique utilisant le site <a href=\"https:\/\/fr.areas.com\/fr\">https:\/\/fr.areas.com\/fr<\/a><\/li>\n<li>\u00ab\u00a0<strong>Site<\/strong>\u00bb: d\u00e9signe le site <a href=\"https:\/\/fr.areas.com\/fr\">https:\/\/fr.areas.com\/fr<\/a><\/li>\n<\/ul>\n<p>&nbsp;<\/p>\n<ol start=\"2\">\n<li><strong>Qui est le responsable de traitement ?<\/strong><\/li>\n<\/ol>\n<p>La soci\u00e9t\u00e9 Areas Services soci\u00e9t\u00e9 par actions simplifi\u00e9e de droit fran\u00e7ais ayant son si\u00e8ge social 150 boulevard Victor Hugo 93400 Saint-Ouen et immatricul\u00e9e sous le n\u00b0 821 980 877 RCS Bobigny est amen\u00e9e, en qualit\u00e9 de responsable de traitement, \u00e0 collecter des donn\u00e9es \u00e0 caract\u00e8re personnel aupr\u00e8s de tout Utilisateur du Site.<\/p>\n<p>Areas Services veille au respect de la vie priv\u00e9e et \u00e0 la s\u00e9curisation des informations qui sont recueillies par l\u2019interm\u00e9diaire du Site. Par cons\u00e9quent, les informations communiqu\u00e9es par l&rsquo;Utilisateur ne sont pas confi\u00e9es \u00e0 des tiers et sont destin\u00e9es \u00e0 l&rsquo;usage exclusif d\u2019AREAS, de ses services et de son personnel.<\/p>\n<p><strong>\u00a0<\/strong><\/p>\n<ol start=\"3\">\n<li><strong>Quelles donn\u00e9es personnelles sont collect\u00e9es ?<\/strong><\/li>\n<\/ol>\n<ul>\n<li><strong><u>Donn\u00e9es personnelles collect\u00e9es directement aupr\u00e8s de l\u2019Utilisateur du Site<\/u><\/strong><\/li>\n<\/ul>\n<p>Les donn\u00e9es suivantes sont susceptibles d\u2019\u00eatre collect\u00e9es (\u00e9tant entendu que les informations figurant dans la liste ci-dessous couvrent l\u2019ensemble des formulaires associ\u00e9s au Site) :<\/p>\n<p>Nom, pr\u00e9nom, titre \/ fonction, code postal, soci\u00e9t\u00e9 au titre de laquelle le formulaire est renseign\u00e9 ou soci\u00e9t\u00e9 employeur ou encore enseigne ou marque, adresse email, objet du message, contenu du message (uniquement si des \u00e9l\u00e9ments du contenu du message sont n\u00e9cessaires pour r\u00e9pondre \u00e0 la demande), civilit\u00e9, adresse email, ville, pays, nom du site employeur, t\u00e9l\u00e9phone (personnel ou professionnel, fixe ou portable), mot de passe, qualit\u00e9 de client ou non d\u2019AREAS, march\u00e9 ou entit\u00e9 AREAS auquel l\u2019Utilisateur est associ\u00e9, mobilit\u00e9\/ mutation interne, informations communiqu\u00e9es dans le corps du message et en lien avec la gestion du personnel (pour les Utilisateurs collaborateurs), curriculum vitae, lettre de motivation, r\u00e9gion (localisation g\u00e9ographique \u00e0 \u00e9chelon r\u00e9gional), m\u00e9dia au titre duquel l\u2019Utilisateur intervient (dans le cas des contacts presse), nom du point de vente, nom du service concern\u00e9 (commercial, partenariat, service qualit\u00e9, recrutement, autre), emploi par lequel l\u2019Utilisateur est int\u00e9ress\u00e9.<\/p>\n<p>&nbsp;<\/p>\n<ul>\n<li><strong><u>Donn\u00e9es personnelles collect\u00e9es indirectement sur le Site<\/u><\/strong><\/li>\n<\/ul>\n<p>Des donn\u00e9es \u00e0 caract\u00e8re personnel issues de cookies ou autres traceurs sont susceptibles d\u2019\u00eatre recueillies lors de la connexion et navigation de l\u2019Utilisateur sur le Site, tels que d\u00e9crit dans notre Politique de cookie. Il s\u2019agit de :<\/p>\n<ul>\n<li>Donn\u00e9es relatives \u00e0 la connexion de l\u2019Utilisateur: logs, identifiants techniques de l\u2019\u00e9quipement que l\u2019Utilisateur utilise pour se connecter au Site, identifiant de tracking publicitaire, donn\u00e9es techniques sur\u00a0 le terminal que l\u2019Utilisateur utilise pour se connecter au Site\u00a0, dates et heures de connexion\u2026<\/li>\n<li>Donn\u00e9es relatives \u00e0 la navigation de l\u2019Utilisateur<\/li>\n<li>Informations recueillies par le biais de notification par SMS\/Email\/Push<\/li>\n<li>Informations r\u00e9colt\u00e9es gr\u00e2ce \u00e0 un plan de tagage remontant des informations de navigation anonymis\u00e9e<\/li>\n<\/ul>\n<p>&nbsp;<\/p>\n<ol start=\"4\">\n<li><strong>Pour quelles raisons les donn\u00e9es personnelles sont-elles collect\u00e9es ?<\/strong><\/li>\n<\/ol>\n<p>Les donn\u00e9es personnelles recueillies sur le Site sont trait\u00e9es pour les finalit\u00e9s suivantes:<\/p>\n<ul>\n<li>Le traitement des demandes de l\u2019Utilisateur et des r\u00e9ponses \u00e0 y apporter<\/li>\n<li>Dans le cas d\u2019un processus de candidature spontan\u00e9e, le traitement des demandes de l\u2019Utilisateur par l\u2019un des canaux de communication offerts par AREAS. Dans ce dernier cas, les donn\u00e9es comprises dans la demande pourront \u00eatre transmises aux services et personnels AREAS concern\u00e9es par cette candidature<\/li>\n<li>La preuve du consentement de l\u2019Utilisateur lorsque des donn\u00e9es sont recueillies sur le Site sur la base du consentement<\/li>\n<li>Le fonctionnement, la s\u00e9curisation du Site et l\u2019optimisation de la navigation sur le Site<\/li>\n<li>La r\u00e9alisation d\u2019op\u00e9rations relatives \u00e0 la prospection (notamment par le biais de notification par SMS\/Email\/Push<\/li>\n<li>L\u2019\u00e9laboration de statistiques commerciales et de mesures de fr\u00e9quentation et d\u2019audience du Site<\/li>\n<li>Le respect d\u2019une obligation l\u00e9gale ou r\u00e8glementaire<\/li>\n<li>Toutes finalit\u00e9s pour lesquelles Areas Services recueille votre consentement sur le Site et qu\u2019elle porte \u00e0 votre connaissance lors de cette collecte<\/li>\n<\/ul>\n<p>&nbsp;<\/p>\n<ol start=\"5\">\n<li><strong>Sur quels fondements juridiques les donn\u00e9es personnelles sont-elles collect\u00e9es ?<\/strong><\/li>\n<\/ol>\n<p>Les donn\u00e9es personnelles concernant l\u2019Utilisateur sont trait\u00e9es sur l\u2019une des bases l\u00e9gales suivantes :<\/p>\n<ul>\n<li>Le consentement : Lorsque le traitement repose sur le consentement de l\u2019Utilisateur, ce dernier sera donn\u00e9 sur une finalit\u00e9 d\u00e9termin\u00e9e. L\u2019Utilisateur a la possibilit\u00e9 de ne pas donner son consentement ou de le retirer \u00e0 tout moment. En cas du retrait de consentement, l\u2019Utilisateur ne pourra plus utiliser le service pour lequel il avait\u00a0 donn\u00e9 son consentement<\/li>\n<li>La poursuite d\u2019un int\u00e9r\u00eat l\u00e9gitime (tel que r\u00e9pondre aux demandes de contact, r\u00e9pondre aux besoins de recrutement, la pr\u00e9vention d\u2019une fraude ou la s\u00e9curisation du Site)<\/li>\n<li>Le respect d\u2019une obligation l\u00e9gale et\/ou r\u00e8glementaire \u00e0 laquelle Areas Services est soumise<\/li>\n<\/ul>\n<ol start=\"6\">\n<li><strong>O\u00f9 sont localis\u00e9es les donn\u00e9es personnelles collect\u00e9es ?<\/strong><\/li>\n<\/ol>\n<p>Les donn\u00e9es personnelles sont h\u00e9berg\u00e9es au sein de l\u2019Union Europ\u00e9enne et\/ou de l\u2019Espace Economique Europ\u00e9en.<\/p>\n<p>Dans l\u2019hypoth\u00e8se o\u00f9 les donn\u00e9es personnelles seraient transf\u00e9r\u00e9es en dehors de l\u2019UE\/EEE , Areas Services veillera \u00e0 assurer un niveau de protection suffisant et appropri\u00e9\u00a0 aux donn\u00e9es personnelles ainsi transf\u00e9r\u00e9es conform\u00e9ment \u00e0 la r\u00e8glementation applicable en mati\u00e8re de donn\u00e9es personnelles, notamment au regard du r\u00e8glement g\u00e9n\u00e9ral de protection des donn\u00e9es personnelles (r\u00e8glement UE 2016\/679 dit RGPD) .<\/p>\n<ol start=\"7\">\n<li><strong>Combien de temps les donn\u00e9es personnelles sont-elles conserv\u00e9es ?<\/strong><\/li>\n<\/ol>\n<p>Vos donn\u00e9es personnelles ne seront trait\u00e9es que pendant la dur\u00e9e n\u00e9cessaire, utile et pertinente conform\u00e9ment aux finalit\u00e9s d\u00e9crites dans la pr\u00e9sente Politique, ainsi que pendant le temps n\u00e9cessaire pour se conformer aux obligations l\u00e9gales et contractuelles qui correspondent dans chaque cas.<\/p>\n<ol start=\"8\">\n<li><strong>Quels sont les droits des personnes concern\u00e9es sur leurs donn\u00e9es et comment les exercer ?<\/strong><\/li>\n<\/ol>\n<p>En application de la r\u00e9glementation en vigueur, les personnes dont les donn\u00e9es sont collect\u00e9es ont les droits suivants :<\/p>\n<ul>\n<li>droit d&rsquo;information et d\u2019acc\u00e8s\u00a0: droit d\u2019obtenir des informations concernant les traitements des donn\u00e9es personnelles les concernant ainsi qu\u2019une copie de ces donn\u00e9es personnelles\u00a0;<\/li>\n<li>droit \u00e0 la limitation du traitement\u00a0: toute personne peut demander que le traitement de ses donn\u00e9es personnelles soit limit\u00e9 uniquement \u00e0 ce qui est strictement n\u00e9cessaire\u00a0;<\/li>\n<li>droit de v\u00e9rification et de rectification\u00a0: toute personne peut demander la modification de ses donn\u00e9es personnelles lorsqu\u2019elles sont inexactes ou incompl\u00e8tes\u00a0;<\/li>\n<li>droit \u00e0 l\u2019effacement\u00a0: il est possible de demander l\u2019effacement des donn\u00e9es personnelles dans les limites et conditions r\u00e9glementaires en vigueur ;<\/li>\n<li>droit d\u2019opposition\u00a0: les personnes concern\u00e9es peuvent s\u2019opposer au traitement de leurs donn\u00e9es personnelles dans les limites et conditions r\u00e9glementaires en vigueur;<\/li>\n<li>droit de retirer un consentement\u00a0: en cas de mise en \u0153uvre d\u2019un traitement de donn\u00e9es personnelles n\u00e9cessitant un consentement de la personne concern\u00e9e, celle-ci a le droit de retirer ce consentement \u00e0 tout moment, sous r\u00e9serve de la r\u00e9glementation en vigueur ;<\/li>\n<li>droit \u00e0 la portabilit\u00e9 des donn\u00e9es\u00a0: lorsqu\u2019il est applicable, il s\u2019agit du droit, pour les personnes concern\u00e9es, de demander que les donn\u00e9es personnelles qu\u2019elles ont fournies leur soient rendues ou, lorsque cela est possible techniquement, de les transf\u00e9rer directement \u00e0 un tiers.<\/li>\n<\/ul>\n<p>&nbsp;<\/p>\n<p>Pour exercer l\u2019un des droits list\u00e9s ci-dessus et\/ou pour obtenir des renseignements sur le traitement de vos donn\u00e9es personnelles, Vous pouvez adresser votre demande \u00e0 notre\u00a0 d\u00e9l\u00e9gu\u00e9 \u00e0 la protection des donn\u00e9es personnelles:<\/p>\n<ul>\n<li>par E-mail, \u00e0 l\u2019adresse suivante\u00a0: <a href=\"mailto:gdpr-contact@areas.com\">gdpr-contact@areas.com<\/a><\/li>\n<li>ou par voie postale, \u00e0 l\u2019adresse suivante\u00a0: Data Protection Officer-AREAS- Tour Eg\u00e9e- 11, all\u00e9e de l\u2019Arche 92032 Paris La d\u00e9fense C\u00e9dex.<\/li>\n<\/ul>\n<p>Conform\u00e9ment \u00e0 la r\u00e8glementation applicable, Nous pouvons demander \u00e0 toute personne exer\u00e7ant l\u2019un des droits ci-dessus des informations suppl\u00e9mentaires n\u00e9cessaires pour confirmer son identit\u00e9. Si l\u2019une de vos demandes est manifestement infond\u00e9es ou excessives, notamment en raison de son caract\u00e8re r\u00e9p\u00e9titif, Nous nous r\u00e9servons le droit, dans les conditions pr\u00e9vues par l\u2019article 12.5 du RGPD, d\u2019exiger le paiement de frais raisonnables (tenant compte des co\u00fbts administratifs support\u00e9s pour fournir les informations, proc\u00e9der aux communications ou prendre les mesures demand\u00e9es) ou refuser de donner suite \u00e0 cette demande.<\/p>\n<p>Si Vous estimez apr\u00e8s nous avoir contact\u00e9 que vos droits ci-dessus ne sont pas respect\u00e9s, Vous pouvez adresser une r\u00e9clamation \u00e0 l\u2019autorit\u00e9 de contr\u00f4le (en France, la Commission Nationale Informatique et Libert\u00e9s) .Pour toute information sur les droits sur vos donn\u00e9es personnelles et les modalit\u00e9s d\u2019exercice de ces droits, vous pouvez consulter le site de la Commission nationale de l\u2019informatique et des libert\u00e9s : <a href=\"http:\/\/www.cnil.fr\">http:\/\/www.cnil.fr<\/a><u>.<\/u><\/p>\n<p>&nbsp;<\/p>\n","protected":false},"excerpt":{"rendered":"<p>Protection des donn\u00e9es personnelles Introduction Le pr\u00e9sent document a vocation \u00e0 Vous informer de mani\u00e8re g\u00e9n\u00e9rale sur les diff\u00e9rents traitements mis en \u0153uvre relatifs \u00e0 vos donn\u00e9es pers","protected":false},"author":45,"featured_media":0,"parent":0,"menu_order":0,"comment_status":"closed","ping_status":"closed","template":"","meta":[],"acf":[],"yoast_head":"<!-- This site is optimized with the Yoast SEO plugin v17.6 - https:\/\/yoast.com\/wordpress\/plugins\/seo\/ -->\n<title>Protection des donn\u00e9es personnelles - Areas | France<\/title>\n<meta name=\"robots\" content=\"index, follow, max-snippet:-1, max-image-preview:large, max-video-preview:-1\" \/>\n<link rel=\"canonical\" href=\"https:\/\/fr.areas.com\/fr\/mentions-legales-2\/\" \/>\n<meta property=\"og:locale\" content=\"fr_FR\" \/>\n<meta property=\"og:type\" content=\"article\" \/>\n<meta property=\"og:title\" content=\"Protection des donn\u00e9es personnelles - Areas | France\" \/>\n<meta property=\"og:description\" content=\"Protection des donn\u00e9es personnelles Introduction Le pr\u00e9sent document a vocation \u00e0 Vous informer de mani\u00e8re g\u00e9n\u00e9rale sur les diff\u00e9rents traitements mis en \u0153uvre relatifs \u00e0 vos donn\u00e9es personnelles. Pour votre compr\u00e9hension, les termes ci-apr\u00e8s auront la signification suivante\u00a0: \u00ab\u00a0Nous\u00bb\u00a0ou \u00ab\u00a0AREAS\u00bb: d\u00e9signe toute soci\u00e9t\u00e9 du groupe AREAS, \u00e9tablie en France, et contr\u00f4l\u00e9e directement ou indirectement au[...]\" \/>\n<meta property=\"og:url\" content=\"https:\/\/fr.areas.com\/fr\/mentions-legales-2\/\" \/>\n<meta property=\"og:site_name\" content=\"Areas | France\" \/>\n<meta property=\"article:modified_time\" content=\"2025-07-09T10:11:25+00:00\" \/>\n<meta name=\"twitter:card\" content=\"summary_large_image\" \/>\n<meta name=\"twitter:label1\" content=\"Est. reading time\" \/>\n\t<meta name=\"twitter:data1\" content=\"8 minutes\" \/>\n<script type=\"application\/ld+json\" class=\"yoast-schema-graph\">{\"@context\":\"https:\/\/schema.org\",\"@graph\":[{\"@type\":\"WebSite\",\"@id\":\"https:\/\/fr.areas.com\/fr\/#website\",\"url\":\"https:\/\/fr.areas.com\/fr\/\",\"name\":\"Areas | France\",\"description\":\"\",\"potentialAction\":[{\"@type\":\"SearchAction\",\"target\":{\"@type\":\"EntryPoint\",\"urlTemplate\":\"https:\/\/fr.areas.com\/fr\/?s={search_term_string}\"},\"query-input\":\"required name=search_term_string\"}],\"inLanguage\":\"fr-FR\"},{\"@type\":\"WebPage\",\"@id\":\"https:\/\/fr.areas.com\/fr\/mentions-legales-2\/#webpage\",\"url\":\"https:\/\/fr.areas.com\/fr\/mentions-legales-2\/\",\"name\":\"Protection des donn\\u00e9es personnelles - Areas | France\",\"isPartOf\":{\"@id\":\"https:\/\/fr.areas.com\/fr\/#website\"},\"datePublished\":\"2024-09-12T16:30:24+00:00\",\"dateModified\":\"2025-07-09T10:11:25+00:00\",\"breadcrumb\":{\"@id\":\"https:\/\/fr.areas.com\/fr\/mentions-legales-2\/#breadcrumb\"},\"inLanguage\":\"fr-FR\",\"potentialAction\":[{\"@type\":\"ReadAction\",\"target\":[\"https:\/\/fr.areas.com\/fr\/mentions-legales-2\/\"]}]},{\"@type\":\"BreadcrumbList\",\"@id\":\"https:\/\/fr.areas.com\/fr\/mentions-legales-2\/#breadcrumb\",\"itemListElement\":[{\"@type\":\"ListItem\",\"position\":1,\"name\":\"Home\",\"item\":\"https:\/\/fr.areas.com\/fr\/\"},{\"@type\":\"ListItem\",\"position\":2,\"name\":\"Protection des donn\\u00e9es personnelles\"}]}]}<\/script>\n<!-- \/ Yoast SEO plugin. -->","yoast_head_json":{"title":"Protection des donn\u00e9es personnelles - Areas | France","robots":{"index":"index","follow":"follow","max-snippet":"max-snippet:-1","max-image-preview":"max-image-preview:large","max-video-preview":"max-video-preview:-1"},"canonical":"https:\/\/fr.areas.com\/fr\/mentions-legales-2\/","og_locale":"fr_FR","og_type":"article","og_title":"Protection des donn\u00e9es personnelles - Areas | France","og_description":"Protection des donn\u00e9es personnelles Introduction Le pr\u00e9sent document a vocation \u00e0 Vous informer de mani\u00e8re g\u00e9n\u00e9rale sur les diff\u00e9rents traitements mis en \u0153uvre relatifs \u00e0 vos donn\u00e9es personnelles. Pour votre compr\u00e9hension, les termes ci-apr\u00e8s auront la signification suivante\u00a0: \u00ab\u00a0Nous\u00bb\u00a0ou \u00ab\u00a0AREAS\u00bb: d\u00e9signe toute soci\u00e9t\u00e9 du groupe AREAS, \u00e9tablie en France, et contr\u00f4l\u00e9e directement ou indirectement au[...]","og_url":"https:\/\/fr.areas.com\/fr\/mentions-legales-2\/","og_site_name":"Areas | France","article_modified_time":"2025-07-09T10:11:25+00:00","twitter_card":"summary_large_image","twitter_misc":{"Est. reading time":"8 minutes"},"schema":{"@context":"https:\/\/schema.org","@graph":[{"@type":"WebSite","@id":"https:\/\/fr.areas.com\/fr\/#website","url":"https:\/\/fr.areas.com\/fr\/","name":"Areas | France","description":"","potentialAction":[{"@type":"SearchAction","target":{"@type":"EntryPoint","urlTemplate":"https:\/\/fr.areas.com\/fr\/?s={search_term_string}"},"query-input":"required name=search_term_string"}],"inLanguage":"fr-FR"},{"@type":"WebPage","@id":"https:\/\/fr.areas.com\/fr\/mentions-legales-2\/#webpage","url":"https:\/\/fr.areas.com\/fr\/mentions-legales-2\/","name":"Protection des donn\u00e9es personnelles - Areas | France","isPartOf":{"@id":"https:\/\/fr.areas.com\/fr\/#website"},"datePublished":"2024-09-12T16:30:24+00:00","dateModified":"2025-07-09T10:11:25+00:00","breadcrumb":{"@id":"https:\/\/fr.areas.com\/fr\/mentions-legales-2\/#breadcrumb"},"inLanguage":"fr-FR","potentialAction":[{"@type":"ReadAction","target":["https:\/\/fr.areas.com\/fr\/mentions-legales-2\/"]}]},{"@type":"BreadcrumbList","@id":"https:\/\/fr.areas.com\/fr\/mentions-legales-2\/#breadcrumb","itemListElement":[{"@type":"ListItem","position":1,"name":"Home","item":"https:\/\/fr.areas.com\/fr\/"},{"@type":"ListItem","position":2,"name":"Protection des donn\u00e9es personnelles"}]}]}},"_links":{"self":[{"href":"https:\/\/fr.areas.com\/fr\/wp-json\/wp\/v2\/pages\/3368"}],"collection":[{"href":"https:\/\/fr.areas.com\/fr\/wp-json\/wp\/v2\/pages"}],"about":[{"href":"https:\/\/fr.areas.com\/fr\/wp-json\/wp\/v2\/types\/page"}],"author":[{"embeddable":true,"href":"https:\/\/fr.areas.com\/fr\/wp-json\/wp\/v2\/users\/45"}],"replies":[{"embeddable":true,"href":"https:\/\/fr.areas.com\/fr\/wp-json\/wp\/v2\/comments?post=3368"}],"version-history":[{"count":2,"href":"https:\/\/fr.areas.com\/fr\/wp-json\/wp\/v2\/pages\/3368\/revisions"}],"predecessor-version":[{"id":3571,"href":"https:\/\/fr.areas.com\/fr\/wp-json\/wp\/v2\/pages\/3368\/revisions\/3571"}],"wp:attachment":[{"href":"https:\/\/fr.areas.com\/fr\/wp-json\/wp\/v2\/media?parent=3368"}],"curies":[{"name":"wp","href":"https:\/\/api.w.org\/{rel}","templated":true}]}}